{"id":26646,"date":"2021-09-07T14:24:52","date_gmt":"2021-09-07T12:24:52","guid":{"rendered":"https:\/\/utbcenter.sj-school.se\/?post_type=product&#038;p=26646"},"modified":"2021-09-29T06:05:10","modified_gmt":"2021-09-29T04:05:10","slug":"mandagskvallar-med-susanne-karleken-till-dig-sjalv","status":"publish","type":"product","link":"https:\/\/utbcenter.sj-school.se\/en\/product\/mandagskvallar-med-susanne-karleken-till-dig-sjalv\/","title":{"rendered":"M\u00e5ndagskv\u00e4llar med Susanne. Se n\u00e4r du vill: K\u00e4rleken till dig sj\u00e4lv \u00e4r grunden till ditt v\u00e4lm\u00e5ende"},"content":{"rendered":"<h3 id=\"h-vad-tycker-v-ra-deltagare\">Vad tycker v\u00e5ra deltagare?<\/h3>\n<figure class=\"wp-block-image is-resized\"><img loading=\"lazy\" decoding=\"async\" class=\"wp-image-8628\" src=\"https:\/\/898428.smushcdn.com\/2126934\/wp-content\/uploads\/2021\/05\/Five-Star-Rating-scaled.jpg?lossy=1&amp;strip=1&amp;webp=1\" alt=\"\" width=\"99\" height=\"25\" \/><figcaption>Jag l\u00e4r mig av att h\u00f6ra andra och om deras resa, samtidigt som jag g\u00e5r kurs f\u00f6r att utvecklas sj\u00e4lv. Det \u00e4r \u00e4ven s\u00e5 intressant att h\u00f6ra dina svar och diskussioner Susanne. Superbra alternativ att ha digitala m\u00f6ten. \/\/ Helene<\/figcaption><\/figure>\n<figure class=\"wp-block-image is-resized\"><img loading=\"lazy\" decoding=\"async\" class=\"wp-image-8628\" src=\"https:\/\/898428.smushcdn.com\/2126934\/wp-content\/uploads\/2021\/05\/Five-Star-Rating-scaled.jpg?lossy=1&amp;strip=1&amp;webp=1\" alt=\"\" width=\"99\" height=\"25\" \/><figcaption>M\u00e5ndagar med Susanne blir heliga i och med denna kurs. Jag kommer till insikt och utvecklas till\/f\u00f6r mig. Att dessutom \u201ctr\u00e4ffa\u201d likasinnade \u00e4r underbart. Susanne leder oss in till v\u00e5rt innersta p\u00e5 ett v\u00e4ldigt djupt men samtidigt enkelt s\u00e4tt. Som sagt, nu \u00e4r mina m\u00e5ndagar heliga. \/\/ Lena<\/figcaption><\/figure>\n<figure class=\"wp-block-image is-resized\"><img loading=\"lazy\" decoding=\"async\" class=\"wp-image-8628\" src=\"https:\/\/898428.smushcdn.com\/2126934\/wp-content\/uploads\/2021\/05\/Five-Star-Rating-scaled.jpg?lossy=1&amp;strip=1&amp;webp=1\" alt=\"\" width=\"99\" height=\"25\" \/><figcaption>Jag \u00e4r mycket n\u00f6jd med hur uppl\u00e4ggningen \u00e4r och med alla f\u00f6rklaringar om s\u00e5nt man inte riktigt f\u00f6rst\u00e5r. Det \u00e4r ocks\u00e5 bra att man har en hel vecka p\u00e5 sig att \u00f6va inf\u00f6r n\u00e4sta \u00f6vning. Jag rekommenderar absolut dig som l\u00e4rare i denna kursen. \/\/ Inger<img loading=\"lazy\" decoding=\"async\" class=\"wp-image-8628\" src=\"https:\/\/898428.smushcdn.com\/2126934\/wp-content\/uploads\/2021\/05\/Five-Star-Rating-scaled.jpg?lossy=1&amp;strip=1&amp;webp=1\" alt=\"\" width=\"99\" height=\"25\" \/><br \/>\nAlltid lika inspirerande att ta del av Susannes kunskap. Oavsett vilket \u00e4mne det \u00e4r, f\u00f6rklarar Susanne p\u00e5 ett enkelt s\u00e4tt s\u00e5 att alla f\u00f6rst\u00e5r. \u00d6vningar och meditationer ber\u00f6r p\u00e5 ett s\u00e4tt som leder vidare. K\u00e4nns v\u00e4ldigt tryggt n\u00e4r Susanne h\u00e5ller kurs\u2764\ufe0f \/\/ Bente<\/figcaption><\/figure>","protected":false},"excerpt":{"rendered":"<h3 style=\"text-align: center;\">Se n\u00e4r det passar dig!<\/h3>\n<h3 style=\"text-align: center;\">M\u00e5ndagskv\u00e4llar med Susanne &#8211; Din inre resa i personlig och andlig utveckling.<\/h3>\n<p>Det kan vara sv\u00e5rt att f\u00f6rst\u00e5 varf\u00f6r din k\u00e4rlek till dig sj\u00e4lv \u00e4r viktigt. H\u00e4r f\u00e5r du en st\u00f6rre f\u00f6rst\u00e5else f\u00f6r hur du \u00f6kar din sj\u00e4lvk\u00e4nsla, ditt sj\u00e4lvf\u00f6rtroende och hur du enklare s\u00e4tter gr\u00e4nser utan skuldk\u00e4nslor. Du f\u00e5r ocks\u00e5 veta hur du enklast skapar mer k\u00e4rlek till Dig.<\/p>\n<p>Varje m\u00e5ndagskv\u00e4ll \u00e4r en frist\u00e5ende kurs och h\u00e4r registrerar du dig f\u00f6r att se inspelningen i efterhand. Du har tillg\u00e5ng till materialet under 30 dagar efter din registrering.<\/p>","protected":false},"featured_media":24878,"comment_status":"closed","ping_status":"closed","template":"","meta":[],"product_brand":[],"product_cat":[596,135],"product_tag":[],"class_list":{"0":"post-26646","1":"product","2":"type-product","3":"status-publish","4":"has-post-thumbnail","6":"product_cat-mandagskvallar-med-susanne","7":"product_cat-zoom","9":"first","10":"instock","11":"virtual","12":"sold-individually","13":"taxable","14":"purchasable","15":"product-type-course"},"_links":{"self":[{"href":"https:\/\/utbcenter.sj-school.se\/en\/wp-json\/wp\/v2\/product\/26646","targetHints":{"allow":["GET"]}}],"collection":[{"href":"https:\/\/utbcenter.sj-school.se\/en\/wp-json\/wp\/v2\/product"}],"about":[{"href":"https:\/\/utbcenter.sj-school.se\/en\/wp-json\/wp\/v2\/types\/product"}],"replies":[{"embeddable":true,"href":"https:\/\/utbcenter.sj-school.se\/en\/wp-json\/wp\/v2\/comments?post=26646"}],"wp:featuredmedia":[{"embeddable":true,"href":"https:\/\/utbcenter.sj-school.se\/en\/wp-json\/wp\/v2\/media\/24878"}],"wp:attachment":[{"href":"https:\/\/utbcenter.sj-school.se\/en\/wp-json\/wp\/v2\/media?parent=26646"}],"wp:term":[{"taxonomy":"product_brand","embeddable":true,"href":"https:\/\/utbcenter.sj-school.se\/en\/wp-json\/wp\/v2\/product_brand?post=26646"},{"taxonomy":"product_cat","embeddable":true,"href":"https:\/\/utbcenter.sj-school.se\/en\/wp-json\/wp\/v2\/product_cat?post=26646"},{"taxonomy":"product_tag","embeddable":true,"href":"https:\/\/utbcenter.sj-school.se\/en\/wp-json\/wp\/v2\/product_tag?post=26646"}],"curies":[{"name":"wp","href":"https:\/\/api.w.org\/{rel}","templated":true}]}}